{"id":400,"date":"2021-11-01T17:21:25","date_gmt":"2021-11-01T16:21:25","guid":{"rendered":"https:\/\/aktivitetshuset.vidsel.se\/?page_id=400"},"modified":"2026-03-27T00:00:25","modified_gmt":"2026-03-26T23:00:25","slug":"hyresgaster","status":"publish","type":"page","link":"https:\/\/aktivitetshuset.vidsel.se\/index.php\/hyresgaster\/","title":{"rendered":"Hyresg\u00e4ster"},"content":{"rendered":"\t\t<div data-elementor-type=\"wp-page\" data-elementor-id=\"400\" class=\"elementor elementor-400\" data-elementor-settings=\"[]\">\n\t\t\t\t\t\t\t<div class=\"elementor-section-wrap\">\n\t\t\t\t\t\t\t<section class=\"elementor-section elementor-top-section elementor-element elementor-element-6951400 elementor-section-boxed elementor-section-height-default elementor-section-height-default\" data-id=\"6951400\" data-element_type=\"section\">\n\t\t\t\t\t\t<div class=\"elementor-container elementor-column-gap-default\">\n\t\t\t\t\t<div class=\"elementor-column elementor-col-100 elementor-top-column elementor-element elementor-element-03edc86\" data-id=\"03edc86\" data-element_type=\"column\">\n\t\t\t<div class=\"elementor-widget-wrap elementor-element-populated\">\n\t\t\t\t\t\t\t\t<div class=\"elementor-element elementor-element-3ccab2a elementor-widget elementor-widget-heading\" data-id=\"3ccab2a\" data-element_type=\"widget\" data-widget_type=\"heading.default\">\n\t\t\t\t<div class=\"elementor-widget-container\">\n\t\t\t<h2 class=\"elementor-heading-title elementor-size-default\">Vidsels Bygdef\u00f6rening<\/h2>\t\t<\/div>\n\t\t\t\t<\/div>\n\t\t\t\t\t<\/div>\n\t\t<\/div>\n\t\t\t\t\t\t\t<\/div>\n\t\t<\/section>\n\t\t\t\t<section class=\"elementor-section elementor-top-section elementor-element elementor-element-6dca45c elementor-section-boxed elementor-section-height-default elementor-section-height-default\" data-id=\"6dca45c\" data-element_type=\"section\">\n\t\t\t\t\t\t<div class=\"elementor-container elementor-column-gap-default\">\n\t\t\t\t\t<div class=\"elementor-column elementor-col-50 elementor-top-column elementor-element elementor-element-596d264\" data-id=\"596d264\" data-element_type=\"column\">\n\t\t\t<div class=\"elementor-widget-wrap elementor-element-populated\">\n\t\t\t\t\t\t\t\t<section class=\"elementor-section elementor-inner-section elementor-element elementor-element-bb9aae2 elementor-section-boxed elementor-section-height-default elementor-section-height-default\" data-id=\"bb9aae2\" data-element_type=\"section\">\n\t\t\t\t\t\t<div class=\"elementor-container elementor-column-gap-default\">\n\t\t\t\t\t<div class=\"elementor-column elementor-col-100 elementor-inner-column elementor-element elementor-element-dab117f\" data-id=\"dab117f\" data-element_type=\"column\">\n\t\t\t<div class=\"elementor-widget-wrap elementor-element-populated\">\n\t\t\t\t\t\t\t\t<div class=\"elementor-element elementor-element-8588495 elementor-widget elementor-widget-text-editor\" data-id=\"8588495\" data-element_type=\"widget\" data-widget_type=\"text-editor.default\">\n\t\t\t\t<div class=\"elementor-widget-container\">\n\t\t\t\t\t\t\t<p><span style=\"color: #000000;\">Vidsels Bygdef\u00f6rening hyr stora salen, k\u00f6ket och cafeterian.<br \/>\u00d6nskar du hyra en lokal kontaktar du bygdef\u00f6reningen. Det g\u00e4ller \u00e4ven om du vill hyra konferensrummet.<\/span><\/p><p><strong><a href=\"http:\/\/bygdeforeningen.vidsel.se\" target=\"_blank\" rel=\"noopener\">Bygdeforeningen.vidsel.se<\/a><\/strong><\/p>\t\t\t\t\t\t<\/div>\n\t\t\t\t<\/div>\n\t\t\t\t\t<\/div>\n\t\t<\/div>\n\t\t\t\t\t\t\t<\/div>\n\t\t<\/section>\n\t\t\t\t\t<\/div>\n\t\t<\/div>\n\t\t\t\t<div class=\"elementor-column elementor-col-50 elementor-top-column elementor-element elementor-element-c0425b9\" data-id=\"c0425b9\" data-element_type=\"column\">\n\t\t\t<div class=\"elementor-widget-wrap elementor-element-populated\">\n\t\t\t\t\t\t\t\t<section class=\"elementor-section elementor-inner-section elementor-element elementor-element-747677b elementor-section-boxed elementor-section-height-default elementor-section-height-default\" data-id=\"747677b\" data-element_type=\"section\">\n\t\t\t\t\t\t<div class=\"elementor-container elementor-column-gap-default\">\n\t\t\t\t\t<div class=\"elementor-column elementor-col-100 elementor-inner-column elementor-element elementor-element-8eb7d18\" data-id=\"8eb7d18\" data-element_type=\"column\">\n\t\t\t<div class=\"elementor-widget-wrap elementor-element-populated\">\n\t\t\t\t\t\t\t\t<div class=\"elementor-element elementor-element-afd2333 elementor-widget elementor-widget-image\" data-id=\"afd2333\" data-element_type=\"widget\" data-widget_type=\"image.default\">\n\t\t\t\t<div class=\"elementor-widget-container\">\n\t\t\t\t\t\t\t\t\t\t\t\t\t\t\t<img decoding=\"async\" src=\"https:\/\/aktivitetshuset.vidsel.se\/wp-content\/uploads\/elementor\/thumbs\/Logga-pg502agbymtucysg9txx3kjlmsvz6yngugmodv5egm.png\" title=\"Logga\" alt=\"Logga\" \/>\t\t\t\t\t\t\t\t\t\t\t\t\t\t\t<\/div>\n\t\t\t\t<\/div>\n\t\t\t\t\t<\/div>\n\t\t<\/div>\n\t\t\t\t\t\t\t<\/div>\n\t\t<\/section>\n\t\t\t\t\t<\/div>\n\t\t<\/div>\n\t\t\t\t\t\t\t<\/div>\n\t\t<\/section>\n\t\t\t\t<section class=\"elementor-section elementor-top-section elementor-element elementor-element-bc0e79c elementor-section-boxed elementor-section-height-default elementor-section-height-default\" data-id=\"bc0e79c\" data-element_type=\"section\">\n\t\t\t\t\t\t<div class=\"elementor-container elementor-column-gap-default\">\n\t\t\t\t\t<div class=\"elementor-column elementor-col-50 elementor-top-column elementor-element elementor-element-94de189\" data-id=\"94de189\" data-element_type=\"column\">\n\t\t\t<div class=\"elementor-widget-wrap elementor-element-populated\">\n\t\t\t\t\t\t\t\t\t<\/div>\n\t\t<\/div>\n\t\t\t\t<div class=\"elementor-column elementor-col-50 elementor-top-column elementor-element elementor-element-692138e\" data-id=\"692138e\" data-element_type=\"column\">\n\t\t\t<div class=\"elementor-widget-wrap\">\n\t\t\t\t\t\t\t\t\t<\/div>\n\t\t<\/div>\n\t\t\t\t\t\t\t<\/div>\n\t\t<\/section>\n\t\t\t\t<section class=\"elementor-section elementor-top-section elementor-element elementor-element-72ae4a4 elementor-section-boxed elementor-section-height-default elementor-section-height-default\" data-id=\"72ae4a4\" data-element_type=\"section\">\n\t\t\t\t\t\t<div class=\"elementor-container elementor-column-gap-default\">\n\t\t\t\t\t<div class=\"elementor-column elementor-col-100 elementor-top-column elementor-element elementor-element-3e7a69a\" data-id=\"3e7a69a\" data-element_type=\"column\">\n\t\t\t<div class=\"elementor-widget-wrap elementor-element-populated\">\n\t\t\t\t\t\t\t\t<section class=\"elementor-section elementor-inner-section elementor-element elementor-element-1ae904a elementor-section-boxed elementor-section-height-default elementor-section-height-default\" data-id=\"1ae904a\" data-element_type=\"section\">\n\t\t\t\t\t\t<div class=\"elementor-container elementor-column-gap-default\">\n\t\t\t\t\t<div class=\"elementor-column elementor-col-50 elementor-inner-column elementor-element elementor-element-f4f5dba\" data-id=\"f4f5dba\" data-element_type=\"column\">\n\t\t\t<div class=\"elementor-widget-wrap elementor-element-populated\">\n\t\t\t\t\t\t\t\t<div class=\"elementor-element elementor-element-8b41e05 elementor-widget elementor-widget-text-editor\" data-id=\"8b41e05\" data-element_type=\"widget\" data-widget_type=\"text-editor.default\">\n\t\t\t\t<div class=\"elementor-widget-container\">\n\t\t\t\t\t\t\t\t\t\t\t\t\t<\/div>\n\t\t\t\t<\/div>\n\t\t\t\t\t<\/div>\n\t\t<\/div>\n\t\t\t\t<div class=\"elementor-column elementor-col-50 elementor-inner-column elementor-element elementor-element-5276397\" data-id=\"5276397\" data-element_type=\"column\">\n\t\t\t<div class=\"elementor-widget-wrap\">\n\t\t\t\t\t\t\t\t\t<\/div>\n\t\t<\/div>\n\t\t\t\t\t\t\t<\/div>\n\t\t<\/section>\n\t\t\t\t\t<\/div>\n\t\t<\/div>\n\t\t\t\t\t\t\t<\/div>\n\t\t<\/section>\n\t\t\t\t<section class=\"elementor-section elementor-top-section elementor-element elementor-element-0fa6c86 elementor-section-boxed elementor-section-height-default elementor-section-height-default\" data-id=\"0fa6c86\" data-element_type=\"section\">\n\t\t\t\t\t\t<div class=\"elementor-container elementor-column-gap-default\">\n\t\t\t\t\t<div class=\"elementor-column elementor-col-100 elementor-top-column elementor-element elementor-element-54f6c31\" data-id=\"54f6c31\" data-element_type=\"column\">\n\t\t\t<div class=\"elementor-widget-wrap elementor-element-populated\">\n\t\t\t\t\t\t\t\t<div class=\"elementor-element elementor-element-71f8454 elementor-widget elementor-widget-heading\" data-id=\"71f8454\" data-element_type=\"widget\" data-widget_type=\"heading.default\">\n\t\t\t\t<div class=\"elementor-widget-container\">\n\t\t\t<h2 class=\"elementor-heading-title elementor-size-default\"> <\/h2>\t\t<\/div>\n\t\t\t\t<\/div>\n\t\t\t\t\t<\/div>\n\t\t<\/div>\n\t\t\t\t\t\t\t<\/div>\n\t\t<\/section>\n\t\t\t\t<section class=\"elementor-section elementor-top-section elementor-element elementor-element-6cc5e70 elementor-section-boxed elementor-section-height-default elementor-section-height-default\" data-id=\"6cc5e70\" data-element_type=\"section\">\n\t\t\t\t\t\t<div class=\"elementor-container elementor-column-gap-default\">\n\t\t\t\t\t<div class=\"elementor-column elementor-col-100 elementor-top-column elementor-element elementor-element-35e3ee5\" data-id=\"35e3ee5\" data-element_type=\"column\">\n\t\t\t<div class=\"elementor-widget-wrap elementor-element-populated\">\n\t\t\t\t\t\t\t\t<div class=\"elementor-element elementor-element-646ee23 elementor-widget elementor-widget-text-editor\" data-id=\"646ee23\" data-element_type=\"widget\" data-widget_type=\"text-editor.default\">\n\t\t\t\t<div class=\"elementor-widget-container\">\n\t\t\t\t\t\t\t\t\t\t\t\t\t<\/div>\n\t\t\t\t<\/div>\n\t\t\t\t\t<\/div>\n\t\t<\/div>\n\t\t\t\t\t\t\t<\/div>\n\t\t<\/section>\n\t\t\t\t\t\t<\/div>\n\t\t\t\t\t<\/div>\n\t\t","protected":false},"excerpt":{"rendered":"<p>Vidsels Bygdef\u00f6rening Vidsels Bygdef\u00f6rening hyr stora salen, k\u00f6ket och cafeterian.\u00d6nskar du hyra en lokal kontaktar du bygdef\u00f6reningen. Det g\u00e4ller \u00e4ven om du vill hyra konferensrummet. Bygdeforeningen.vidsel.se<\/p>\n","protected":false},"author":3,"featured_media":0,"parent":0,"menu_order":0,"comment_status":"closed","ping_status":"closed","template":"","meta":{"footnotes":""},"class_list":["post-400","page","type-page","status-publish","hentry"],"yoast_head":"<!-- This site is optimized with the Yoast SEO plugin v18.1 - https:\/\/yoast.com\/wordpress\/plugins\/seo\/ -->\r\n<title>Hyresg\u00e4ster -<\/title>\r\n<meta name=\"description\" content=\"Vidsels Bygdef\u00f6rening hyr nu stora salen, k\u00f6ket och cafeterian. \u00d6nskar du hyra en lokal kontaktar du bygdef\u00f6reningen.\" \/>\r\n<meta name=\"robots\" content=\"index, follow, max-snippet:-1, max-image-preview:large, max-video-preview:-1\" \/>\r\n<link rel=\"canonical\" href=\"https:\/\/aktivitetshuset.vidsel.se\/index.php\/hyresgaster\/\" \/>\r\n<meta property=\"og:locale\" content=\"sv_SE\" \/>\r\n<meta property=\"og:type\" content=\"article\" \/>\r\n<meta property=\"og:title\" content=\"Hyresg\u00e4ster -\" \/>\r\n<meta property=\"og:description\" content=\"Vidsels Bygdef\u00f6rening hyr nu stora salen, k\u00f6ket och cafeterian. \u00d6nskar du hyra en lokal kontaktar du bygdef\u00f6reningen.\" \/>\r\n<meta property=\"og:url\" content=\"https:\/\/aktivitetshuset.vidsel.se\/index.php\/hyresgaster\/\" \/>\r\n<meta property=\"article:modified_time\" content=\"2026-03-26T23:00:25+00:00\" \/>\r\n<meta property=\"og:image\" content=\"https:\/\/aktivitetshuset.vidsel.se\/wp-content\/uploads\/elementor\/thumbs\/Logga-pg502agbymtucysg9txx3kjlmsvz6yngugmodv5egm.png\" \/>\r\n<meta name=\"twitter:card\" content=\"summary_large_image\" \/>\r\n<meta name=\"twitter:label1\" content=\"Ber\u00e4knad l\u00e4stid\" \/>\n\t<meta name=\"twitter:data1\" content=\"1 minut\" \/>\r\n<script type=\"application\/ld+json\" class=\"yoast-schema-graph\">{\"@context\":\"https:\/\/schema.org\",\"@graph\":[{\"@type\":\"Organization\",\"@id\":\"https:\/\/aktivitetshuset.vidsel.se\/#organization\",\"name\":\"Vidsels Aktivitetshus Ekonomisk F\u00f6rening\",\"url\":\"https:\/\/aktivitetshuset.vidsel.se\/\",\"sameAs\":[],\"logo\":{\"@type\":\"ImageObject\",\"@id\":\"https:\/\/aktivitetshuset.vidsel.se\/#logo\",\"inLanguage\":\"sv-SE\",\"url\":\"https:\/\/aktivitetshuset.vidsel.se\/wp-content\/uploads\/2021\/06\/Logga2.png\",\"contentUrl\":\"https:\/\/aktivitetshuset.vidsel.se\/wp-content\/uploads\/2021\/06\/Logga2.png\",\"width\":1084,\"height\":439,\"caption\":\"Vidsels Aktivitetshus Ekonomisk F\u00f6rening\"},\"image\":{\"@id\":\"https:\/\/aktivitetshuset.vidsel.se\/#logo\"}},{\"@type\":\"WebSite\",\"@id\":\"https:\/\/aktivitetshuset.vidsel.se\/#website\",\"url\":\"https:\/\/aktivitetshuset.vidsel.se\/\",\"name\":\"Vidsels Aktivitetshus\",\"description\":\"\",\"publisher\":{\"@id\":\"https:\/\/aktivitetshuset.vidsel.se\/#organization\"},\"potentialAction\":[{\"@type\":\"SearchAction\",\"target\":{\"@type\":\"EntryPoint\",\"urlTemplate\":\"https:\/\/aktivitetshuset.vidsel.se\/?s={search_term_string}\"},\"query-input\":\"required name=search_term_string\"}],\"inLanguage\":\"sv-SE\"},{\"@type\":\"ImageObject\",\"@id\":\"https:\/\/aktivitetshuset.vidsel.se\/index.php\/hyresgaster\/#primaryimage\",\"inLanguage\":\"sv-SE\",\"url\":\"https:\/\/aktivitetshuset.vidsel.se\/wp-content\/uploads\/elementor\/thumbs\/Logga-pg502agbymtucysg9txx3kjlmsvz6yngugmodv5egm.png\",\"contentUrl\":\"https:\/\/aktivitetshuset.vidsel.se\/wp-content\/uploads\/elementor\/thumbs\/Logga-pg502agbymtucysg9txx3kjlmsvz6yngugmodv5egm.png\"},{\"@type\":\"WebPage\",\"@id\":\"https:\/\/aktivitetshuset.vidsel.se\/index.php\/hyresgaster\/#webpage\",\"url\":\"https:\/\/aktivitetshuset.vidsel.se\/index.php\/hyresgaster\/\",\"name\":\"Hyresg\u00e4ster -\",\"isPartOf\":{\"@id\":\"https:\/\/aktivitetshuset.vidsel.se\/#website\"},\"primaryImageOfPage\":{\"@id\":\"https:\/\/aktivitetshuset.vidsel.se\/index.php\/hyresgaster\/#primaryimage\"},\"datePublished\":\"2021-11-01T16:21:25+00:00\",\"dateModified\":\"2026-03-26T23:00:25+00:00\",\"description\":\"Vidsels Bygdef\u00f6rening hyr nu stora salen, k\u00f6ket och cafeterian. \u00d6nskar du hyra en lokal kontaktar du bygdef\u00f6reningen.\",\"breadcrumb\":{\"@id\":\"https:\/\/aktivitetshuset.vidsel.se\/index.php\/hyresgaster\/#breadcrumb\"},\"inLanguage\":\"sv-SE\",\"potentialAction\":[{\"@type\":\"ReadAction\",\"target\":[\"https:\/\/aktivitetshuset.vidsel.se\/index.php\/hyresgaster\/\"]}]},{\"@type\":\"BreadcrumbList\",\"@id\":\"https:\/\/aktivitetshuset.vidsel.se\/index.php\/hyresgaster\/#breadcrumb\",\"itemListElement\":[{\"@type\":\"ListItem\",\"position\":1,\"name\":\"Hem\",\"item\":\"https:\/\/aktivitetshuset.vidsel.se\/\"},{\"@type\":\"ListItem\",\"position\":2,\"name\":\"Hyresg\u00e4ster\"}]}]}<\/script>\r\n<!-- \/ Yoast SEO plugin. -->","yoast_head_json":{"title":"Hyresg\u00e4ster -","description":"Vidsels Bygdef\u00f6rening hyr nu stora salen, k\u00f6ket och cafeterian. \u00d6nskar du hyra en lokal kontaktar du bygdef\u00f6reningen.","robots":{"index":"index","follow":"follow","max-snippet":"max-snippet:-1","max-image-preview":"max-image-preview:large","max-video-preview":"max-video-preview:-1"},"canonical":"https:\/\/aktivitetshuset.vidsel.se\/index.php\/hyresgaster\/","og_locale":"sv_SE","og_type":"article","og_title":"Hyresg\u00e4ster -","og_description":"Vidsels Bygdef\u00f6rening hyr nu stora salen, k\u00f6ket och cafeterian. \u00d6nskar du hyra en lokal kontaktar du bygdef\u00f6reningen.","og_url":"https:\/\/aktivitetshuset.vidsel.se\/index.php\/hyresgaster\/","article_modified_time":"2026-03-26T23:00:25+00:00","og_image":[{"url":"https:\/\/aktivitetshuset.vidsel.se\/wp-content\/uploads\/elementor\/thumbs\/Logga-pg502agbymtucysg9txx3kjlmsvz6yngugmodv5egm.png"}],"twitter_card":"summary_large_image","twitter_misc":{"Ber\u00e4knad l\u00e4stid":"1 minut"},"schema":{"@context":"https:\/\/schema.org","@graph":[{"@type":"Organization","@id":"https:\/\/aktivitetshuset.vidsel.se\/#organization","name":"Vidsels Aktivitetshus Ekonomisk F\u00f6rening","url":"https:\/\/aktivitetshuset.vidsel.se\/","sameAs":[],"logo":{"@type":"ImageObject","@id":"https:\/\/aktivitetshuset.vidsel.se\/#logo","inLanguage":"sv-SE","url":"https:\/\/aktivitetshuset.vidsel.se\/wp-content\/uploads\/2021\/06\/Logga2.png","contentUrl":"https:\/\/aktivitetshuset.vidsel.se\/wp-content\/uploads\/2021\/06\/Logga2.png","width":1084,"height":439,"caption":"Vidsels Aktivitetshus Ekonomisk F\u00f6rening"},"image":{"@id":"https:\/\/aktivitetshuset.vidsel.se\/#logo"}},{"@type":"WebSite","@id":"https:\/\/aktivitetshuset.vidsel.se\/#website","url":"https:\/\/aktivitetshuset.vidsel.se\/","name":"Vidsels Aktivitetshus","description":"","publisher":{"@id":"https:\/\/aktivitetshuset.vidsel.se\/#organization"},"potentialAction":[{"@type":"SearchAction","target":{"@type":"EntryPoint","urlTemplate":"https:\/\/aktivitetshuset.vidsel.se\/?s={search_term_string}"},"query-input":"required name=search_term_string"}],"inLanguage":"sv-SE"},{"@type":"ImageObject","@id":"https:\/\/aktivitetshuset.vidsel.se\/index.php\/hyresgaster\/#primaryimage","inLanguage":"sv-SE","url":"https:\/\/aktivitetshuset.vidsel.se\/wp-content\/uploads\/elementor\/thumbs\/Logga-pg502agbymtucysg9txx3kjlmsvz6yngugmodv5egm.png","contentUrl":"https:\/\/aktivitetshuset.vidsel.se\/wp-content\/uploads\/elementor\/thumbs\/Logga-pg502agbymtucysg9txx3kjlmsvz6yngugmodv5egm.png"},{"@type":"WebPage","@id":"https:\/\/aktivitetshuset.vidsel.se\/index.php\/hyresgaster\/#webpage","url":"https:\/\/aktivitetshuset.vidsel.se\/index.php\/hyresgaster\/","name":"Hyresg\u00e4ster -","isPartOf":{"@id":"https:\/\/aktivitetshuset.vidsel.se\/#website"},"primaryImageOfPage":{"@id":"https:\/\/aktivitetshuset.vidsel.se\/index.php\/hyresgaster\/#primaryimage"},"datePublished":"2021-11-01T16:21:25+00:00","dateModified":"2026-03-26T23:00:25+00:00","description":"Vidsels Bygdef\u00f6rening hyr nu stora salen, k\u00f6ket och cafeterian. \u00d6nskar du hyra en lokal kontaktar du bygdef\u00f6reningen.","breadcrumb":{"@id":"https:\/\/aktivitetshuset.vidsel.se\/index.php\/hyresgaster\/#breadcrumb"},"inLanguage":"sv-SE","potentialAction":[{"@type":"ReadAction","target":["https:\/\/aktivitetshuset.vidsel.se\/index.php\/hyresgaster\/"]}]},{"@type":"BreadcrumbList","@id":"https:\/\/aktivitetshuset.vidsel.se\/index.php\/hyresgaster\/#breadcrumb","itemListElement":[{"@type":"ListItem","position":1,"name":"Hem","item":"https:\/\/aktivitetshuset.vidsel.se\/"},{"@type":"ListItem","position":2,"name":"Hyresg\u00e4ster"}]}]}},"_links":{"self":[{"href":"https:\/\/aktivitetshuset.vidsel.se\/index.php\/wp-json\/wp\/v2\/pages\/400","targetHints":{"allow":["GET"]}}],"collection":[{"href":"https:\/\/aktivitetshuset.vidsel.se\/index.php\/wp-json\/wp\/v2\/pages"}],"about":[{"href":"https:\/\/aktivitetshuset.vidsel.se\/index.php\/wp-json\/wp\/v2\/types\/page"}],"author":[{"embeddable":true,"href":"https:\/\/aktivitetshuset.vidsel.se\/index.php\/wp-json\/wp\/v2\/users\/3"}],"replies":[{"embeddable":true,"href":"https:\/\/aktivitetshuset.vidsel.se\/index.php\/wp-json\/wp\/v2\/comments?post=400"}],"version-history":[{"count":50,"href":"https:\/\/aktivitetshuset.vidsel.se\/index.php\/wp-json\/wp\/v2\/pages\/400\/revisions"}],"predecessor-version":[{"id":2106,"href":"https:\/\/aktivitetshuset.vidsel.se\/index.php\/wp-json\/wp\/v2\/pages\/400\/revisions\/2106"}],"wp:attachment":[{"href":"https:\/\/aktivitetshuset.vidsel.se\/index.php\/wp-json\/wp\/v2\/media?parent=400"}],"curies":[{"name":"wp","href":"https:\/\/api.w.org\/{rel}","templated":true}]}}