{"id":290,"date":"2021-08-06T22:37:18","date_gmt":"2021-08-06T20:37:18","guid":{"rendered":"https:\/\/aktivitetshuset.vidsel.se\/?page_id=290"},"modified":"2026-03-27T00:45:44","modified_gmt":"2026-03-26T23:45:44","slug":"historia","status":"publish","type":"page","link":"https:\/\/aktivitetshuset.vidsel.se\/index.php\/historia\/","title":{"rendered":"Historia"},"content":{"rendered":"\t\t<div data-elementor-type=\"wp-page\" data-elementor-id=\"290\" class=\"elementor elementor-290\" data-elementor-settings=\"[]\">\n\t\t\t\t\t\t\t<div class=\"elementor-section-wrap\">\n\t\t\t\t\t\t\t<section class=\"elementor-section elementor-top-section elementor-element elementor-element-816f53f elementor-section-boxed elementor-section-height-default elementor-section-height-default\" data-id=\"816f53f\" data-element_type=\"section\">\n\t\t\t\t\t\t<div class=\"elementor-container elementor-column-gap-default\">\n\t\t\t\t\t<div class=\"elementor-column elementor-col-100 elementor-top-column elementor-element elementor-element-888bf9e\" data-id=\"888bf9e\" data-element_type=\"column\">\n\t\t\t<div class=\"elementor-widget-wrap elementor-element-populated\">\n\t\t\t\t\t\t\t\t<div class=\"elementor-element elementor-element-28e3004 elementor-widget elementor-widget-heading\" data-id=\"28e3004\" data-element_type=\"widget\" data-widget_type=\"heading.default\">\n\t\t\t\t<div class=\"elementor-widget-container\">\n\t\t\t<h2 class=\"elementor-heading-title elementor-size-default\">Aktivitetshuset i Vidsel, historia efter \u00f6vertagande av byggnaden<\/h2>\t\t<\/div>\n\t\t\t\t<\/div>\n\t\t\t\t\t<\/div>\n\t\t<\/div>\n\t\t\t\t\t\t\t<\/div>\n\t\t<\/section>\n\t\t\t\t<section class=\"elementor-section elementor-top-section elementor-element elementor-element-4919eba elementor-section-boxed elementor-section-height-default elementor-section-height-default\" data-id=\"4919eba\" data-element_type=\"section\">\n\t\t\t\t\t\t<div class=\"elementor-container elementor-column-gap-default\">\n\t\t\t\t\t<div class=\"elementor-column elementor-col-100 elementor-top-column elementor-element elementor-element-f3f4795\" data-id=\"f3f4795\" data-element_type=\"column\">\n\t\t\t<div class=\"elementor-widget-wrap elementor-element-populated\">\n\t\t\t\t\t\t\t\t<section class=\"elementor-section elementor-inner-section elementor-element elementor-element-94367a5 elementor-section-boxed elementor-section-height-default elementor-section-height-default\" data-id=\"94367a5\" data-element_type=\"section\">\n\t\t\t\t\t\t<div class=\"elementor-container elementor-column-gap-default\">\n\t\t\t\t\t<div class=\"elementor-column elementor-col-100 elementor-inner-column elementor-element elementor-element-431f424\" data-id=\"431f424\" data-element_type=\"column\">\n\t\t\t<div class=\"elementor-widget-wrap elementor-element-populated\">\n\t\t\t\t\t\t\t\t<div class=\"elementor-element elementor-element-a40b1c0 elementor-widget elementor-widget-text-editor\" data-id=\"a40b1c0\" data-element_type=\"widget\" data-widget_type=\"text-editor.default\">\n\t\t\t\t<div class=\"elementor-widget-container\">\n\t\t\t\t\t\t\t<p><span style=\"color: #000000;\">Under n\u00e5gra \u00e5rs tid f\u00f6rde Vidsels Bygdef\u00f6rening f\u00f6rhandlingar med \u00c4lvsbyns kommun, fr\u00e4mst om Kulturhuset men \u00e4ven om det s\u00e5 kallade NO-huset. Kommunens p\u00e5tryckningar om att st\u00e4nga v\u00e4rme och el till byggnaderna v\u00e4xte sig allt starkare och rivning verkade vara det enda alternativet.<\/span><\/p><p><span style=\"color: #000000;\">I december 2019 bj\u00f6d Bygdef\u00f6reningen in olika personer f\u00f6r att f\u00e5 ytterligare inspel om vilka l\u00f6sningar som kan vara realistiska att genomf\u00f6ra f\u00f6r att f\u00e5 beh\u00e5lla byggnaderna. I samma veva tog ocks\u00e5 kommunen beslut p\u00e5 att Vidsels L\u00e5g- och mellanstadium skulle rivas. Det stod ocks\u00e5 klart att varken v\u00e4rme eller el kommer framgent att bekostas av kommunen varken f\u00f6r Kultur- eller NO-huset.<\/span><\/p><p><span style=\"color: #000000;\">Bygdef\u00f6reningen kom till den slutsatsen att de sj\u00e4lva inte hade kraft nog att driva en segsliten process med kommunen. En frist\u00e5ende f\u00f6rhandlingsgrupp fick ist\u00e4llet detta uppdrag. Det framstod mer och mer att NO-huset var ett l\u00e4mpligare objekt att \u00f6verta, i och med att det finns ett st\u00f6rre utbud med lokaler att kunna driva m\u00e5nga aktiviteter samtidigt. Vi skr\u00e4mdes ocks\u00e5 vid tanken om vilket j\u00e4ttearbete det \u00e4r att iordningsst\u00e4lla huset s\u00e5 att det g\u00e5r att driva p\u00e5 en sn\u00e5l budget och anv\u00e4ndas p\u00e5 ett \u00e4ndam\u00e5lsenligt s\u00e4tt f\u00f6r ortens innev\u00e5nare.<\/span><\/p><h5><span style=\"color: #174998;\"><strong>F\u00f6reningens bildande<\/strong><\/span><\/h5><p><span style=\"color: #000000;\">Avtalsf\u00f6rhandlingarna med kommunen inleddes och samtidigt stod det klart att vi m\u00e5ste bilda en ekonomisk f\u00f6rening, som f\u00f6rvaltar huset och att Bygdef\u00f6reningen hyr delar av byggnaden f\u00f6r sin verksamhet. Den ekonomiska f\u00f6reningen registrerades 2021-04-19, med organisationsnummer 769639-8234, och heter Vidsels Aktivitetshus Ekonomiska F\u00f6rening. F\u00f6reningen har uppr\u00e4ttat n\u00f6dv\u00e4ndiga bankf\u00f6rbindelser och \u00e4r en fullt fungerande ekonomisk f\u00f6rening.<\/span><\/p><p><span style=\"color: #000000;\">F\u00f6rhandlingarna att skriva vettiga avtal med kommunen, har p\u00e5 sikt g\u00e5tt bra, men stundtals har det varit m\u00e5nga bollar i luften som varit sv\u00e5ra att f\u00e5nga. Avtalet landade i att vi har f\u00e5tt en slant av kommunen som har finansierat eget El-abonnemang och egen v\u00e4rmekraftk\u00e4lla samt att flytta entr\u00e9d\u00f6rren som vetter mot skolg\u00e5rden till sidan mot sporthallen. Dessutom har en frist\u00e5ende tomt runt aktivitetshuset stakats ut av Lantm\u00e4teriet. Vi fick ocks\u00e5 till\u00e5telse att h\u00e4mta olika inventarier fr\u00e5n L\u00e5g- och mellanstadiet som kan anv\u00e4ndas i v\u00e5rt Aktivitetshus. Det tog emot, men i och med kommunens dubbla rivningsbeslut, s\u00e5g vi ingen annan l\u00f6sning \u00e4n att t\u00e4nka p\u00e5 v\u00e5r egen ekonomi och \u00e5tervinna s\u00e5 mycket som m\u00f6jligt.<\/span><\/p><p><span style=\"color: #000000;\">N\u00e4r endast ideella m\u00e4nniskor arbetar, med planering och i arbetslaget med att restaurera aktivitetshuset, g\u00e5r det inte att peka med hela handen, och beg\u00e4ra b\u00e5de det ena och det andra. Det vi kan se, efter allt renoveringsarbete som tagit med \u00e4n\u00a0 2,5 \u00e5r, vilka fantastiska m\u00e4nniskor vi har i bygden, som st\u00e4ller upp i sina verksamhetsomr\u00e5den som de beh\u00e4rskar till fullo. Vi kan konstatera att vi har en fantastisk kompetens och driv, det verkar n\u00e4stan om\u00f6jligt att vi inte ska lyckas med hela projektet.<\/span><\/p><h5><span style=\"color: #174998;\"><strong>Arbetet s\u00e5 h\u00e4r l\u00e5ngt, vi \u00e4r klara!<\/strong><\/span><\/h5><p><span style=\"color: #000000;\">Vad har vi d\u00e5 lyckats med att g\u00f6ra? Jo, vi har bildat den ekonomiska f\u00f6reningen, vi har klart med banken, vi har en revisorfirma och en fungerande ekonomiavdelning, vi har utformat en hemsida, vi har avtalet klart med kommunen.<\/span><\/p><p><span style=\"color: #000000;\"> Vi har genomf\u00f6rt processen med Lantm\u00e4teriet och Vattenfall och k\u00f6per v\u00e4rmen fr\u00e5n \u00c4lvsbyns Energi. Vi har fixat Internet och skrivare. Det har varit en otrolig m\u00e4ngd pappersarbete. Samtidigt som alla i styrelsen aktivt deltagit i alla processer och beslut.<\/span><\/p><p><span style=\"color: #000000;\"> Vi har s\u00f6kt Landsbygdsmedel och f\u00e5tt finansiering fr\u00e5n EU med 80%, kommunal medfinansiering med 9.5% och 10,5% har vi sj\u00e4lva g\u00e5tt in med. St\u00f6det anv\u00e4nds f\u00f6r nya golvmattor i de vattenskadade delarna, cirka 120 m2, nytt ventilationssystem och elektroniska l\u00e5s samt till\u00e4ggsisolering p\u00e5 vindan och rasskydd p\u00e5 taket mot sporthallen.\u00a0<\/span><\/p><p style=\"font-weight: 400;\"><span style=\"color: #000000;\">P\u00e5 den fysiska sidan, har det varit mycket arbete med att \u00e5tervinna inventarier fr\u00e5n L\u00e5g- och mellanstadiet och att flytta ut bygdef\u00f6reningen fr\u00e5n Bygdeg\u00e5rden.<br \/><\/span><span style=\"color: #000000;\">Nu \u00e4r k\u00f6ket m\u00e5lat, k\u00f6ksinredning och fl\u00e4kt p\u00e5 plats, till och med porslin och bestick har f\u00e5tt sin plats, ja rent ut sagt klart.<br \/><\/span><span style=\"color: #000000;\">Konferensrummet har m\u00e5lats och gardiner \u00e4r uppsatta. Fj\u00e4rrstyrd spot-belysning fungerar och \u00e4r p\u00e5 plats f\u00f6r att belysa v\u00e5r White board. Vi har satt dit en diskb\u00e4nk och nu \u00e4r \u00e4ven en projektorduk, projektor med ljudanl\u00e4ggning och en kaffemaskin p\u00e5 plats.<br \/><\/span><span style=\"color: #000000;\">Cafeterian \u00e4r m\u00e5lad och med nya gardiner uppsatta och vi har \u00f6ppnat upp och satt in en d\u00f6rr till stora salen. Vi har genom v\u00e4nliga m\u00e4nniskor f\u00e5tt finansiering f\u00f6r en 75-tums TV.<br \/><\/span><span style=\"color: #000000;\">Stora salen \u00e4r m\u00e5lad, har en 6 meter l\u00e5ng avst\u00e4llningsb\u00e4nk, fj\u00e4rrstyrd spot-belysning \u00e4r uppsatt.<br \/>Vi har fixat till en handikapptoalett i hallen och renoverat alla de vattenskadade rummen. Friskolans utrymmen har eget personalrum med k\u00f6k och toalett. Vi har en ny bro med tak som ocks\u00e5 har en 5.1 meter l\u00e5ng handikappramp. Vi har ocks\u00e5 monterat upp sn\u00f6rasskydd p\u00e5 takets v\u00e4stra sida. Elektriskt l\u00e5ssystem har installerats p\u00e5 6 d\u00f6rrar. Alla r\u00f6r i maskinrum och k\u00e4llare har isolerats.<\/span><\/p><p style=\"font-weight: 400;\"><span style=\"color: #000000; font-size: 16px;\">Vi har jobbat maximalt p\u00e5 energit\u00e4nk. Vi har bytt samtliga lysr\u00f6r till energisn\u00e5lare LED, det \u00e4r bara 222 styck, vilket inneb\u00e4r att vi reducerar f\u00f6rbrukningen med upp till 1250 kr per m\u00e5nad. Vi har efter en testperiod installerat ett nytt system f\u00f6r att optimalt kunna styra v\u00e5ra vattenradiatorer.\u00a0<\/span><span style=\"color: #000000; font-size: 16px;\">Vi har en ny vattenberedare f\u00f6r fj\u00e4rrv\u00e4rme och back up med el sommartid. Vi har satt upp en fj\u00e4rrv\u00e4rme driven luftv\u00e4rmesluss i hallen ovanf\u00f6r v\u00e5r nya entr\u00e9d\u00f6rr mot sporthallen.<\/span><\/p><p style=\"font-weight: 400;\"><span style=\"color: #000000; font-size: 16px;\">F\u00f6reningen best\u00e5r idag av cirka 80-talet privata medlemmar, 5 f\u00f6reningar och 7 f\u00f6retag. Vi beh\u00f6ver och har f\u00e5tt mycket hj\u00e4lp av givmilda och arbetsamma m\u00e4nniskor samt st\u00f6ttning p\u00e5 m\u00e5nga s\u00e4tt av olika sponsorer. I dagsl\u00e4get \u00e4r vi cirka 40 personer som tillsammans arbetat mer \u00e4n 12 000 &#8221;gratistimmar&#8221; i v\u00e5rt Aktivitetshus.<\/span><\/p>\t\t\t\t\t\t<\/div>\n\t\t\t\t<\/div>\n\t\t\t\t<div class=\"elementor-element elementor-element-78833fc elementor-widget elementor-widget-text-editor\" data-id=\"78833fc\" data-element_type=\"widget\" data-widget_type=\"text-editor.default\">\n\t\t\t\t<div class=\"elementor-widget-container\">\n\t\t\t\t\t\t\t\t\t\t\t\t\t<\/div>\n\t\t\t\t<\/div>\n\t\t\t\t\t<\/div>\n\t\t<\/div>\n\t\t\t\t\t\t\t<\/div>\n\t\t<\/section>\n\t\t\t\t\t<\/div>\n\t\t<\/div>\n\t\t\t\t\t\t\t<\/div>\n\t\t<\/section>\n\t\t\t\t\t\t<\/div>\n\t\t\t\t\t<\/div>\n\t\t","protected":false},"excerpt":{"rendered":"<p>Aktivitetshuset i Vidsel, historia efter \u00f6vertagande av byggnaden Under n\u00e5gra \u00e5rs tid f\u00f6rde Vidsels Bygdef\u00f6rening f\u00f6rhandlingar med \u00c4lvsbyns kommun, fr\u00e4mst om Kulturhuset men \u00e4ven om det s\u00e5 kallade NO-huset. Kommunens p\u00e5tryckningar om att st\u00e4nga v\u00e4rme och el till byggnaderna v\u00e4xte<\/p>\n","protected":false},"author":3,"featured_media":0,"parent":0,"menu_order":0,"comment_status":"closed","ping_status":"closed","template":"","meta":{"footnotes":""},"class_list":["post-290","page","type-page","status-publish","hentry"],"yoast_head":"<!-- This site is optimized with the Yoast SEO plugin v18.1 - https:\/\/yoast.com\/wordpress\/plugins\/seo\/ -->\r\n<title>Historia -<\/title>\r\n<meta name=\"robots\" content=\"index, follow, max-snippet:-1, max-image-preview:large, max-video-preview:-1\" \/>\r\n<link rel=\"canonical\" href=\"https:\/\/aktivitetshuset.vidsel.se\/index.php\/historia\/\" \/>\r\n<meta property=\"og:locale\" content=\"sv_SE\" \/>\r\n<meta property=\"og:type\" content=\"article\" \/>\r\n<meta property=\"og:title\" content=\"Historia -\" \/>\r\n<meta property=\"og:description\" content=\"Aktivitetshuset i Vidsel, historia efter \u00f6vertagande av byggnaden Under n\u00e5gra \u00e5rs tid f\u00f6rde Vidsels Bygdef\u00f6rening f\u00f6rhandlingar med \u00c4lvsbyns kommun, fr\u00e4mst om Kulturhuset men \u00e4ven om det s\u00e5 kallade NO-huset. Kommunens p\u00e5tryckningar om att st\u00e4nga v\u00e4rme och el till byggnaderna v\u00e4xte\" \/>\r\n<meta property=\"og:url\" content=\"https:\/\/aktivitetshuset.vidsel.se\/index.php\/historia\/\" \/>\r\n<meta property=\"article:modified_time\" content=\"2026-03-26T23:45:44+00:00\" \/>\r\n<meta name=\"twitter:card\" content=\"summary_large_image\" \/>\r\n<meta name=\"twitter:label1\" content=\"Ber\u00e4knad l\u00e4stid\" \/>\n\t<meta name=\"twitter:data1\" content=\"5 minuter\" \/>\r\n<script type=\"application\/ld+json\" class=\"yoast-schema-graph\">{\"@context\":\"https:\/\/schema.org\",\"@graph\":[{\"@type\":\"Organization\",\"@id\":\"https:\/\/aktivitetshuset.vidsel.se\/#organization\",\"name\":\"Vidsels Aktivitetshus Ekonomisk F\u00f6rening\",\"url\":\"https:\/\/aktivitetshuset.vidsel.se\/\",\"sameAs\":[],\"logo\":{\"@type\":\"ImageObject\",\"@id\":\"https:\/\/aktivitetshuset.vidsel.se\/#logo\",\"inLanguage\":\"sv-SE\",\"url\":\"https:\/\/aktivitetshuset.vidsel.se\/wp-content\/uploads\/2021\/06\/Logga2.png\",\"contentUrl\":\"https:\/\/aktivitetshuset.vidsel.se\/wp-content\/uploads\/2021\/06\/Logga2.png\",\"width\":1084,\"height\":439,\"caption\":\"Vidsels Aktivitetshus Ekonomisk F\u00f6rening\"},\"image\":{\"@id\":\"https:\/\/aktivitetshuset.vidsel.se\/#logo\"}},{\"@type\":\"WebSite\",\"@id\":\"https:\/\/aktivitetshuset.vidsel.se\/#website\",\"url\":\"https:\/\/aktivitetshuset.vidsel.se\/\",\"name\":\"Vidsels Aktivitetshus\",\"description\":\"\",\"publisher\":{\"@id\":\"https:\/\/aktivitetshuset.vidsel.se\/#organization\"},\"potentialAction\":[{\"@type\":\"SearchAction\",\"target\":{\"@type\":\"EntryPoint\",\"urlTemplate\":\"https:\/\/aktivitetshuset.vidsel.se\/?s={search_term_string}\"},\"query-input\":\"required name=search_term_string\"}],\"inLanguage\":\"sv-SE\"},{\"@type\":\"WebPage\",\"@id\":\"https:\/\/aktivitetshuset.vidsel.se\/index.php\/historia\/#webpage\",\"url\":\"https:\/\/aktivitetshuset.vidsel.se\/index.php\/historia\/\",\"name\":\"Historia -\",\"isPartOf\":{\"@id\":\"https:\/\/aktivitetshuset.vidsel.se\/#website\"},\"datePublished\":\"2021-08-06T20:37:18+00:00\",\"dateModified\":\"2026-03-26T23:45:44+00:00\",\"breadcrumb\":{\"@id\":\"https:\/\/aktivitetshuset.vidsel.se\/index.php\/historia\/#breadcrumb\"},\"inLanguage\":\"sv-SE\",\"potentialAction\":[{\"@type\":\"ReadAction\",\"target\":[\"https:\/\/aktivitetshuset.vidsel.se\/index.php\/historia\/\"]}]},{\"@type\":\"BreadcrumbList\",\"@id\":\"https:\/\/aktivitetshuset.vidsel.se\/index.php\/historia\/#breadcrumb\",\"itemListElement\":[{\"@type\":\"ListItem\",\"position\":1,\"name\":\"Hem\",\"item\":\"https:\/\/aktivitetshuset.vidsel.se\/\"},{\"@type\":\"ListItem\",\"position\":2,\"name\":\"Historia\"}]}]}<\/script>\r\n<!-- \/ Yoast SEO plugin. -->","yoast_head_json":{"title":"Historia -","robots":{"index":"index","follow":"follow","max-snippet":"max-snippet:-1","max-image-preview":"max-image-preview:large","max-video-preview":"max-video-preview:-1"},"canonical":"https:\/\/aktivitetshuset.vidsel.se\/index.php\/historia\/","og_locale":"sv_SE","og_type":"article","og_title":"Historia -","og_description":"Aktivitetshuset i Vidsel, historia efter \u00f6vertagande av byggnaden Under n\u00e5gra \u00e5rs tid f\u00f6rde Vidsels Bygdef\u00f6rening f\u00f6rhandlingar med \u00c4lvsbyns kommun, fr\u00e4mst om Kulturhuset men \u00e4ven om det s\u00e5 kallade NO-huset. Kommunens p\u00e5tryckningar om att st\u00e4nga v\u00e4rme och el till byggnaderna v\u00e4xte","og_url":"https:\/\/aktivitetshuset.vidsel.se\/index.php\/historia\/","article_modified_time":"2026-03-26T23:45:44+00:00","twitter_card":"summary_large_image","twitter_misc":{"Ber\u00e4knad l\u00e4stid":"5 minuter"},"schema":{"@context":"https:\/\/schema.org","@graph":[{"@type":"Organization","@id":"https:\/\/aktivitetshuset.vidsel.se\/#organization","name":"Vidsels Aktivitetshus Ekonomisk F\u00f6rening","url":"https:\/\/aktivitetshuset.vidsel.se\/","sameAs":[],"logo":{"@type":"ImageObject","@id":"https:\/\/aktivitetshuset.vidsel.se\/#logo","inLanguage":"sv-SE","url":"https:\/\/aktivitetshuset.vidsel.se\/wp-content\/uploads\/2021\/06\/Logga2.png","contentUrl":"https:\/\/aktivitetshuset.vidsel.se\/wp-content\/uploads\/2021\/06\/Logga2.png","width":1084,"height":439,"caption":"Vidsels Aktivitetshus Ekonomisk F\u00f6rening"},"image":{"@id":"https:\/\/aktivitetshuset.vidsel.se\/#logo"}},{"@type":"WebSite","@id":"https:\/\/aktivitetshuset.vidsel.se\/#website","url":"https:\/\/aktivitetshuset.vidsel.se\/","name":"Vidsels Aktivitetshus","description":"","publisher":{"@id":"https:\/\/aktivitetshuset.vidsel.se\/#organization"},"potentialAction":[{"@type":"SearchAction","target":{"@type":"EntryPoint","urlTemplate":"https:\/\/aktivitetshuset.vidsel.se\/?s={search_term_string}"},"query-input":"required name=search_term_string"}],"inLanguage":"sv-SE"},{"@type":"WebPage","@id":"https:\/\/aktivitetshuset.vidsel.se\/index.php\/historia\/#webpage","url":"https:\/\/aktivitetshuset.vidsel.se\/index.php\/historia\/","name":"Historia -","isPartOf":{"@id":"https:\/\/aktivitetshuset.vidsel.se\/#website"},"datePublished":"2021-08-06T20:37:18+00:00","dateModified":"2026-03-26T23:45:44+00:00","breadcrumb":{"@id":"https:\/\/aktivitetshuset.vidsel.se\/index.php\/historia\/#breadcrumb"},"inLanguage":"sv-SE","potentialAction":[{"@type":"ReadAction","target":["https:\/\/aktivitetshuset.vidsel.se\/index.php\/historia\/"]}]},{"@type":"BreadcrumbList","@id":"https:\/\/aktivitetshuset.vidsel.se\/index.php\/historia\/#breadcrumb","itemListElement":[{"@type":"ListItem","position":1,"name":"Hem","item":"https:\/\/aktivitetshuset.vidsel.se\/"},{"@type":"ListItem","position":2,"name":"Historia"}]}]}},"_links":{"self":[{"href":"https:\/\/aktivitetshuset.vidsel.se\/index.php\/wp-json\/wp\/v2\/pages\/290","targetHints":{"allow":["GET"]}}],"collection":[{"href":"https:\/\/aktivitetshuset.vidsel.se\/index.php\/wp-json\/wp\/v2\/pages"}],"about":[{"href":"https:\/\/aktivitetshuset.vidsel.se\/index.php\/wp-json\/wp\/v2\/types\/page"}],"author":[{"embeddable":true,"href":"https:\/\/aktivitetshuset.vidsel.se\/index.php\/wp-json\/wp\/v2\/users\/3"}],"replies":[{"embeddable":true,"href":"https:\/\/aktivitetshuset.vidsel.se\/index.php\/wp-json\/wp\/v2\/comments?post=290"}],"version-history":[{"count":38,"href":"https:\/\/aktivitetshuset.vidsel.se\/index.php\/wp-json\/wp\/v2\/pages\/290\/revisions"}],"predecessor-version":[{"id":2125,"href":"https:\/\/aktivitetshuset.vidsel.se\/index.php\/wp-json\/wp\/v2\/pages\/290\/revisions\/2125"}],"wp:attachment":[{"href":"https:\/\/aktivitetshuset.vidsel.se\/index.php\/wp-json\/wp\/v2\/media?parent=290"}],"curies":[{"name":"wp","href":"https:\/\/api.w.org\/{rel}","templated":true}]}}