{"id":1887,"date":"2023-08-29T15:03:54","date_gmt":"2023-08-29T13:03:54","guid":{"rendered":"https:\/\/aktivitetshuset.vidsel.se\/?page_id=1887"},"modified":"2026-03-27T00:14:55","modified_gmt":"2026-03-26T23:14:55","slug":"arbetsplatser","status":"publish","type":"page","link":"https:\/\/aktivitetshuset.vidsel.se\/index.php\/arbetsplatser\/","title":{"rendered":"Konferensen"},"content":{"rendered":"\t\t<div data-elementor-type=\"wp-page\" data-elementor-id=\"1887\" class=\"elementor elementor-1887\" data-elementor-settings=\"[]\">\n\t\t\t\t\t\t\t<div class=\"elementor-section-wrap\">\n\t\t\t\t\t\t\t<section class=\"elementor-section elementor-top-section elementor-element elementor-element-67af6c2 elementor-section-boxed elementor-section-height-default elementor-section-height-default\" data-id=\"67af6c2\" data-element_type=\"section\">\n\t\t\t\t\t\t<div class=\"elementor-container elementor-column-gap-default\">\n\t\t\t\t\t<div class=\"elementor-column elementor-col-100 elementor-top-column elementor-element elementor-element-8d77ced\" data-id=\"8d77ced\" data-element_type=\"column\">\n\t\t\t<div class=\"elementor-widget-wrap elementor-element-populated\">\n\t\t\t\t\t\t\t\t<div class=\"elementor-element elementor-element-a2eda94 elementor-widget elementor-widget-text-editor\" data-id=\"a2eda94\" data-element_type=\"widget\" data-widget_type=\"text-editor.default\">\n\t\t\t\t<div class=\"elementor-widget-container\">\n\t\t\t\t\t\t\t<section class=\"elementor-section elementor-top-section elementor-element elementor-element-5db15be elementor-section-boxed elementor-section-height-default elementor-section-height-default\" data-id=\"5db15be\" data-element_type=\"section\"><div class=\"elementor-container elementor-column-gap-default\"><div class=\"elementor-column elementor-col-100 elementor-top-column elementor-element elementor-element-6817702\" data-id=\"6817702\" data-element_type=\"column\"><div class=\"elementor-widget-wrap elementor-element-populated\"><div class=\"elementor-element elementor-element-6de8cab elementor-widget elementor-widget-heading\" data-id=\"6de8cab\" data-element_type=\"widget\" data-widget_type=\"heading.default\"><div class=\"elementor-widget-container\"><h2 class=\"elementor-heading-title elementor-size-default\">Konferensrum<\/h2><\/div><\/div><\/div><\/div><\/div><\/section><section class=\"elementor-section elementor-top-section elementor-element elementor-element-fbe371f elementor-section-boxed elementor-section-height-default elementor-section-height-default\" data-id=\"fbe371f\" data-element_type=\"section\"><div class=\"elementor-container elementor-column-gap-default\"><div class=\"elementor-column elementor-col-100 elementor-top-column elementor-element elementor-element-5ded719\" data-id=\"5ded719\" data-element_type=\"column\"><div class=\"elementor-widget-wrap elementor-element-populated\"><section class=\"elementor-section elementor-inner-section elementor-element elementor-element-415fabc elementor-section-boxed elementor-section-height-default elementor-section-height-default\" data-id=\"415fabc\" data-element_type=\"section\"><div class=\"elementor-container elementor-column-gap-default\"><div class=\"elementor-column elementor-col-100 elementor-inner-column elementor-element elementor-element-08a55c2\" data-id=\"08a55c2\" data-element_type=\"column\"><div class=\"elementor-widget-wrap elementor-element-populated\"><div class=\"elementor-element elementor-element-8476dbe elementor-widget elementor-widget-text-editor\" data-id=\"8476dbe\" data-element_type=\"widget\" data-widget_type=\"text-editor.default\"><div class=\"elementor-widget-container\"><p>Konferensrummet \u00e4r 65.5 m2 stort. Lokalen m\u00f6ter alla typer av konferenser, \u00e4ven uppkopplade via v\u00e5rt lokala n\u00e4tverk, typ Teams. Rummet \u00e4r utrustat med White board, projektorduk och projektor med ljudanl\u00e4ggning, som med f\u00f6rdel kan anv\u00e4ndas vid h\u00f6guppl\u00f6sta presentationer och videouppspelningar.<\/p><p>Vi har ocks\u00e5 en 75-tums smart TV som kan anv\u00e4ndas f\u00f6r dito presentationer eller streama videor eller TV-program via Chromecast.<\/p><p>Vi har en portabel h\u00f6rselslinga som enkelt kan l\u00e4ggas ut i lokalen. Till utrustningen kan ljud fr\u00e5n en datak\u00e4lla, typ HDMI anslutas. Tv\u00e5 mikrofoner finns ocks\u00e5 tillg\u00e4ngliga.<\/p><p>Vi har en mycket bra belysning som g\u00e5r att tona ner f\u00f6r White board, b\u00e4sta \u00e5tergivning av dina presentationer.<\/p><p>Vi erbjuder dig som anv\u00e4ndare en behaglig och mysig arbets- och konferens milj\u00f6, som \u00e4r fri fr\u00e5n eko och st\u00f6rande ljud, ljudl\u00f6s n\u00e4rvarostyrd ventilation.<\/p><p>Sitt bekv\u00e4mt i v\u00e5ra sk\u00f6na stolar och passa p\u00e5 i pausen att ta en kopp kaffe fr\u00e5n kaffemaskinen.<\/p><p>F\u00f6r att hyra konferenslokalen kontaktar du bygdef\u00f6reningen, <strong><a href=\"https:\/\/bygdeforeningen.vidsel.se\/index.php\/lokaler\/\" target=\"_blank\" rel=\"noopener\">bygdeforeningen.vidsel.se<\/a><\/strong><\/p><p>F\u00f6r att hyra arbetsplatser kontaktar du i god tid <strong>Harry via SMS p\u00e5 telefon 070-604 25 72<\/strong>.<\/p><\/div><\/div><\/div><\/div><\/div><\/section><\/div><\/div><\/div><\/section><section class=\"elementor-section elementor-top-section elementor-element elementor-element-8642f13 elementor-section-boxed elementor-section-height-default elementor-section-height-default\" data-id=\"8642f13\" data-element_type=\"section\"><div class=\"elementor-container elementor-column-gap-default\"><div class=\"elementor-column elementor-col-100 elementor-top-column elementor-element elementor-element-c4c4653\" data-id=\"c4c4653\" data-element_type=\"column\"><div class=\"elementor-widget-wrap elementor-element-populated\"><div class=\"elementor-element elementor-element-978d8e9 elementor-widget elementor-widget-image\" data-id=\"978d8e9\" data-element_type=\"widget\" data-widget_type=\"image.default\"><div class=\"elementor-widget-container\"><a href=\"https:\/\/aktivitetshuset.vidsel.se\/wp-content\/uploads\/2022\/03\/IMG_9594-scaled.jpg\" data-elementor-open-lightbox=\"yes\" data-elementor-lightbox-title=\"Projektorduk\"><img loading=\"lazy\" decoding=\"async\" class=\"attachment-large size-large\" src=\"https:\/\/aktivitetshuset.vidsel.se\/wp-content\/uploads\/2022\/03\/IMG_9594-1024x683.jpg\" sizes=\"auto, (max-width: 755px) 100vw, 755px\" srcset=\"https:\/\/aktivitetshuset.vidsel.se\/wp-content\/uploads\/2022\/03\/IMG_9594-1024x683.jpg 1024w, https:\/\/aktivitetshuset.vidsel.se\/wp-content\/uploads\/2022\/03\/IMG_9594-300x200.jpg 300w, https:\/\/aktivitetshuset.vidsel.se\/wp-content\/uploads\/2022\/03\/IMG_9594-768x512.jpg 768w, https:\/\/aktivitetshuset.vidsel.se\/wp-content\/uploads\/2022\/03\/IMG_9594-1536x1024.jpg 1536w, https:\/\/aktivitetshuset.vidsel.se\/wp-content\/uploads\/2022\/03\/IMG_9594-2048x1365.jpg 2048w\" alt=\"\" width=\"755\" height=\"504\" \/><\/a><\/div><\/div><\/div><\/div><\/div><\/section><section class=\"elementor-section elementor-top-section elementor-element elementor-element-b83a3aa elementor-section-boxed elementor-section-height-default elementor-section-height-default\" data-id=\"b83a3aa\" data-element_type=\"section\"><div class=\"elementor-container elementor-column-gap-default\"><div class=\"elementor-column elementor-col-100 elementor-top-column elementor-element elementor-element-6c0f008\" data-id=\"6c0f008\" data-element_type=\"column\"><div class=\"elementor-widget-wrap elementor-element-populated\"><section class=\"elementor-section elementor-inner-section elementor-element elementor-element-52261f0 elementor-section-boxed elementor-section-height-default elementor-section-height-default\" data-id=\"52261f0\" data-element_type=\"section\"><div class=\"elementor-container elementor-column-gap-default\"><div class=\"elementor-column elementor-col-50 elementor-inner-column elementor-element elementor-element-724abe9\" data-id=\"724abe9\" data-element_type=\"column\"><div class=\"elementor-widget-wrap elementor-element-populated\"><div class=\"elementor-element elementor-element-be0ca6d elementor-widget elementor-widget-image\" data-id=\"be0ca6d\" data-element_type=\"widget\" data-widget_type=\"image.default\"><div class=\"elementor-widget-container\"><a href=\"https:\/\/aktivitetshuset.vidsel.se\/wp-content\/uploads\/2021\/11\/IMG_9329-scaled.jpg\" data-elementor-open-lightbox=\"yes\" data-elementor-lightbox-title=\"Konferensrum\"><img loading=\"lazy\" decoding=\"async\" class=\"attachment-large size-large\" src=\"https:\/\/aktivitetshuset.vidsel.se\/wp-content\/uploads\/2021\/11\/IMG_9329-scaled-e1637449193820-1024x777.jpg\" sizes=\"auto, (max-width: 755px) 100vw, 755px\" srcset=\"https:\/\/aktivitetshuset.vidsel.se\/wp-content\/uploads\/2021\/11\/IMG_9329-scaled-e1637449193820-1024x777.jpg 1024w, https:\/\/aktivitetshuset.vidsel.se\/wp-content\/uploads\/2021\/11\/IMG_9329-scaled-e1637449193820-300x228.jpg 300w, https:\/\/aktivitetshuset.vidsel.se\/wp-content\/uploads\/2021\/11\/IMG_9329-scaled-e1637449193820-768x582.jpg 768w, https:\/\/aktivitetshuset.vidsel.se\/wp-content\/uploads\/2021\/11\/IMG_9329-scaled-e1637449193820-1536x1165.jpg 1536w, https:\/\/aktivitetshuset.vidsel.se\/wp-content\/uploads\/2021\/11\/IMG_9329-scaled-e1637449193820-2048x1553.jpg 2048w\" alt=\"\" width=\"755\" height=\"573\" \/><\/a><\/div><\/div><div class=\"elementor-element elementor-element-c0c8d10 elementor-widget elementor-widget-image\" data-id=\"c0c8d10\" data-element_type=\"widget\" data-widget_type=\"image.default\"><div class=\"elementor-widget-container\"><a href=\"https:\/\/aktivitetshuset.vidsel.se\/wp-content\/uploads\/2022\/02\/IMG_9505-scaled.jpg\" data-elementor-open-lightbox=\"yes\" data-elementor-lightbox-title=\"K\u00f6ksb\u00e4nk med kaffemaskin\"><img loading=\"lazy\" decoding=\"async\" class=\"attachment-large size-large\" src=\"https:\/\/aktivitetshuset.vidsel.se\/wp-content\/uploads\/2022\/02\/IMG_9505-scaled-e1645627961154-1024x777.jpg\" sizes=\"auto, (max-width: 755px) 100vw, 755px\" srcset=\"https:\/\/aktivitetshuset.vidsel.se\/wp-content\/uploads\/2022\/02\/IMG_9505-scaled-e1645627961154-1024x777.jpg 1024w, https:\/\/aktivitetshuset.vidsel.se\/wp-content\/uploads\/2022\/02\/IMG_9505-scaled-e1645627961154-300x228.jpg 300w, https:\/\/aktivitetshuset.vidsel.se\/wp-content\/uploads\/2022\/02\/IMG_9505-scaled-e1645627961154-768x582.jpg 768w, https:\/\/aktivitetshuset.vidsel.se\/wp-content\/uploads\/2022\/02\/IMG_9505-scaled-e1645627961154-1536x1165.jpg 1536w, https:\/\/aktivitetshuset.vidsel.se\/wp-content\/uploads\/2022\/02\/IMG_9505-scaled-e1645627961154-2048x1553.jpg 2048w\" alt=\"\" width=\"755\" height=\"573\" \/><\/a><\/div><\/div><div class=\"elementor-element elementor-element-efea0d3 elementor-widget elementor-widget-image\" data-id=\"efea0d3\" data-element_type=\"widget\" data-widget_type=\"image.default\"><div class=\"elementor-widget-container\">\u00a0<\/div><\/div><\/div><\/div><div class=\"elementor-column elementor-col-50 elementor-inner-column elementor-element elementor-element-4ee7f8d\" data-id=\"4ee7f8d\" data-element_type=\"column\"><div class=\"elementor-widget-wrap elementor-element-populated\"><div class=\"elementor-element elementor-element-14d4905 elementor-widget elementor-widget-text-editor\" data-id=\"14d4905\" data-element_type=\"widget\" data-widget_type=\"text-editor.default\"><div class=\"elementor-widget-container\"><p><strong>Utrustning<\/strong>:<\/p><ul><li>Konferensplatser upp till 20 styck<\/li><li>Tv\u00e5 arbetsplatser<\/li><li>White Board<\/li><li>Motoriserad filmduk<\/li><li>Projektor, anslutning HDMI och Displayport<\/li><li>Ljudanl\u00e4ggning<\/li><li>Portabel h\u00f6rselutrustning<\/li><li>75-tums smart TV, Chromecast<\/li><li>K\u00f6ksavdelning med kaffemaskin<\/li><li>M\u00f6rkl\u00e4ggningsgardiner till 50 %<\/li><li>Dimmerstyrda Spotlights<\/li><li>WLAN och Internet<\/li><li>Akustikplattor i taket<\/li><li>Ljudl\u00f6s n\u00e4rvarostyrd ventilation<\/li><li>Digitalt nyckelsystem<\/li><\/ul><\/div><\/div><\/div><\/div><\/div><\/section><\/div><\/div><\/div><\/section>\t\t\t\t\t\t<\/div>\n\t\t\t\t<\/div>\n\t\t\t\t\t<\/div>\n\t\t<\/div>\n\t\t\t\t\t\t\t<\/div>\n\t\t<\/section>\n\t\t\t\t\t\t<\/div>\n\t\t\t\t\t<\/div>\n\t\t","protected":false},"excerpt":{"rendered":"<p>Konferensrum Konferensrummet \u00e4r 65.5 m2 stort. Lokalen m\u00f6ter alla typer av konferenser, \u00e4ven uppkopplade via v\u00e5rt lokala n\u00e4tverk, typ Teams. Rummet \u00e4r utrustat med White board, projektorduk och projektor med ljudanl\u00e4ggning, som med f\u00f6rdel kan anv\u00e4ndas vid h\u00f6guppl\u00f6sta presentationer och<\/p>\n","protected":false},"author":4,"featured_media":0,"parent":0,"menu_order":0,"comment_status":"closed","ping_status":"closed","template":"","meta":{"footnotes":""},"class_list":["post-1887","page","type-page","status-publish","hentry"],"yoast_head":"<!-- This site is optimized with the Yoast SEO plugin v18.1 - https:\/\/yoast.com\/wordpress\/plugins\/seo\/ -->\r\n<title>Konferensen -<\/title>\r\n<meta name=\"robots\" content=\"index, follow, max-snippet:-1, max-image-preview:large, max-video-preview:-1\" \/>\r\n<link rel=\"canonical\" href=\"https:\/\/aktivitetshuset.vidsel.se\/index.php\/arbetsplatser\/\" \/>\r\n<meta property=\"og:locale\" content=\"sv_SE\" \/>\r\n<meta property=\"og:type\" content=\"article\" \/>\r\n<meta property=\"og:title\" content=\"Konferensen -\" \/>\r\n<meta property=\"og:description\" content=\"Konferensrum Konferensrummet \u00e4r 65.5 m2 stort. Lokalen m\u00f6ter alla typer av konferenser, \u00e4ven uppkopplade via v\u00e5rt lokala n\u00e4tverk, typ Teams. Rummet \u00e4r utrustat med White board, projektorduk och projektor med ljudanl\u00e4ggning, som med f\u00f6rdel kan anv\u00e4ndas vid h\u00f6guppl\u00f6sta presentationer och\" \/>\r\n<meta property=\"og:url\" content=\"https:\/\/aktivitetshuset.vidsel.se\/index.php\/arbetsplatser\/\" \/>\r\n<meta property=\"article:modified_time\" content=\"2026-03-26T23:14:55+00:00\" \/>\r\n<meta property=\"og:image\" content=\"https:\/\/aktivitetshuset.vidsel.se\/wp-content\/uploads\/2022\/03\/IMG_9594-1024x683.jpg\" \/>\r\n<meta name=\"twitter:card\" content=\"summary_large_image\" \/>\r\n<meta name=\"twitter:label1\" content=\"Ber\u00e4knad l\u00e4stid\" \/>\n\t<meta name=\"twitter:data1\" content=\"1 minut\" \/>\r\n<script type=\"application\/ld+json\" class=\"yoast-schema-graph\">{\"@context\":\"https:\/\/schema.org\",\"@graph\":[{\"@type\":\"Organization\",\"@id\":\"https:\/\/aktivitetshuset.vidsel.se\/#organization\",\"name\":\"Vidsels Aktivitetshus Ekonomisk F\u00f6rening\",\"url\":\"https:\/\/aktivitetshuset.vidsel.se\/\",\"sameAs\":[],\"logo\":{\"@type\":\"ImageObject\",\"@id\":\"https:\/\/aktivitetshuset.vidsel.se\/#logo\",\"inLanguage\":\"sv-SE\",\"url\":\"https:\/\/aktivitetshuset.vidsel.se\/wp-content\/uploads\/2021\/06\/Logga2.png\",\"contentUrl\":\"https:\/\/aktivitetshuset.vidsel.se\/wp-content\/uploads\/2021\/06\/Logga2.png\",\"width\":1084,\"height\":439,\"caption\":\"Vidsels Aktivitetshus Ekonomisk F\u00f6rening\"},\"image\":{\"@id\":\"https:\/\/aktivitetshuset.vidsel.se\/#logo\"}},{\"@type\":\"WebSite\",\"@id\":\"https:\/\/aktivitetshuset.vidsel.se\/#website\",\"url\":\"https:\/\/aktivitetshuset.vidsel.se\/\",\"name\":\"Vidsels Aktivitetshus\",\"description\":\"\",\"publisher\":{\"@id\":\"https:\/\/aktivitetshuset.vidsel.se\/#organization\"},\"potentialAction\":[{\"@type\":\"SearchAction\",\"target\":{\"@type\":\"EntryPoint\",\"urlTemplate\":\"https:\/\/aktivitetshuset.vidsel.se\/?s={search_term_string}\"},\"query-input\":\"required name=search_term_string\"}],\"inLanguage\":\"sv-SE\"},{\"@type\":\"ImageObject\",\"@id\":\"https:\/\/aktivitetshuset.vidsel.se\/index.php\/arbetsplatser\/#primaryimage\",\"inLanguage\":\"sv-SE\",\"url\":\"https:\/\/aktivitetshuset.vidsel.se\/wp-content\/uploads\/2022\/03\/IMG_9594-1024x683.jpg\",\"contentUrl\":\"https:\/\/aktivitetshuset.vidsel.se\/wp-content\/uploads\/2022\/03\/IMG_9594-1024x683.jpg\"},{\"@type\":\"WebPage\",\"@id\":\"https:\/\/aktivitetshuset.vidsel.se\/index.php\/arbetsplatser\/#webpage\",\"url\":\"https:\/\/aktivitetshuset.vidsel.se\/index.php\/arbetsplatser\/\",\"name\":\"Konferensen -\",\"isPartOf\":{\"@id\":\"https:\/\/aktivitetshuset.vidsel.se\/#website\"},\"primaryImageOfPage\":{\"@id\":\"https:\/\/aktivitetshuset.vidsel.se\/index.php\/arbetsplatser\/#primaryimage\"},\"datePublished\":\"2023-08-29T13:03:54+00:00\",\"dateModified\":\"2026-03-26T23:14:55+00:00\",\"breadcrumb\":{\"@id\":\"https:\/\/aktivitetshuset.vidsel.se\/index.php\/arbetsplatser\/#breadcrumb\"},\"inLanguage\":\"sv-SE\",\"potentialAction\":[{\"@type\":\"ReadAction\",\"target\":[\"https:\/\/aktivitetshuset.vidsel.se\/index.php\/arbetsplatser\/\"]}]},{\"@type\":\"BreadcrumbList\",\"@id\":\"https:\/\/aktivitetshuset.vidsel.se\/index.php\/arbetsplatser\/#breadcrumb\",\"itemListElement\":[{\"@type\":\"ListItem\",\"position\":1,\"name\":\"Hem\",\"item\":\"https:\/\/aktivitetshuset.vidsel.se\/\"},{\"@type\":\"ListItem\",\"position\":2,\"name\":\"Konferensen\"}]}]}<\/script>\r\n<!-- \/ Yoast SEO plugin. -->","yoast_head_json":{"title":"Konferensen -","robots":{"index":"index","follow":"follow","max-snippet":"max-snippet:-1","max-image-preview":"max-image-preview:large","max-video-preview":"max-video-preview:-1"},"canonical":"https:\/\/aktivitetshuset.vidsel.se\/index.php\/arbetsplatser\/","og_locale":"sv_SE","og_type":"article","og_title":"Konferensen -","og_description":"Konferensrum Konferensrummet \u00e4r 65.5 m2 stort. Lokalen m\u00f6ter alla typer av konferenser, \u00e4ven uppkopplade via v\u00e5rt lokala n\u00e4tverk, typ Teams. Rummet \u00e4r utrustat med White board, projektorduk och projektor med ljudanl\u00e4ggning, som med f\u00f6rdel kan anv\u00e4ndas vid h\u00f6guppl\u00f6sta presentationer och","og_url":"https:\/\/aktivitetshuset.vidsel.se\/index.php\/arbetsplatser\/","article_modified_time":"2026-03-26T23:14:55+00:00","og_image":[{"url":"https:\/\/aktivitetshuset.vidsel.se\/wp-content\/uploads\/2022\/03\/IMG_9594-1024x683.jpg"}],"twitter_card":"summary_large_image","twitter_misc":{"Ber\u00e4knad l\u00e4stid":"1 minut"},"schema":{"@context":"https:\/\/schema.org","@graph":[{"@type":"Organization","@id":"https:\/\/aktivitetshuset.vidsel.se\/#organization","name":"Vidsels Aktivitetshus Ekonomisk F\u00f6rening","url":"https:\/\/aktivitetshuset.vidsel.se\/","sameAs":[],"logo":{"@type":"ImageObject","@id":"https:\/\/aktivitetshuset.vidsel.se\/#logo","inLanguage":"sv-SE","url":"https:\/\/aktivitetshuset.vidsel.se\/wp-content\/uploads\/2021\/06\/Logga2.png","contentUrl":"https:\/\/aktivitetshuset.vidsel.se\/wp-content\/uploads\/2021\/06\/Logga2.png","width":1084,"height":439,"caption":"Vidsels Aktivitetshus Ekonomisk F\u00f6rening"},"image":{"@id":"https:\/\/aktivitetshuset.vidsel.se\/#logo"}},{"@type":"WebSite","@id":"https:\/\/aktivitetshuset.vidsel.se\/#website","url":"https:\/\/aktivitetshuset.vidsel.se\/","name":"Vidsels Aktivitetshus","description":"","publisher":{"@id":"https:\/\/aktivitetshuset.vidsel.se\/#organization"},"potentialAction":[{"@type":"SearchAction","target":{"@type":"EntryPoint","urlTemplate":"https:\/\/aktivitetshuset.vidsel.se\/?s={search_term_string}"},"query-input":"required name=search_term_string"}],"inLanguage":"sv-SE"},{"@type":"ImageObject","@id":"https:\/\/aktivitetshuset.vidsel.se\/index.php\/arbetsplatser\/#primaryimage","inLanguage":"sv-SE","url":"https:\/\/aktivitetshuset.vidsel.se\/wp-content\/uploads\/2022\/03\/IMG_9594-1024x683.jpg","contentUrl":"https:\/\/aktivitetshuset.vidsel.se\/wp-content\/uploads\/2022\/03\/IMG_9594-1024x683.jpg"},{"@type":"WebPage","@id":"https:\/\/aktivitetshuset.vidsel.se\/index.php\/arbetsplatser\/#webpage","url":"https:\/\/aktivitetshuset.vidsel.se\/index.php\/arbetsplatser\/","name":"Konferensen -","isPartOf":{"@id":"https:\/\/aktivitetshuset.vidsel.se\/#website"},"primaryImageOfPage":{"@id":"https:\/\/aktivitetshuset.vidsel.se\/index.php\/arbetsplatser\/#primaryimage"},"datePublished":"2023-08-29T13:03:54+00:00","dateModified":"2026-03-26T23:14:55+00:00","breadcrumb":{"@id":"https:\/\/aktivitetshuset.vidsel.se\/index.php\/arbetsplatser\/#breadcrumb"},"inLanguage":"sv-SE","potentialAction":[{"@type":"ReadAction","target":["https:\/\/aktivitetshuset.vidsel.se\/index.php\/arbetsplatser\/"]}]},{"@type":"BreadcrumbList","@id":"https:\/\/aktivitetshuset.vidsel.se\/index.php\/arbetsplatser\/#breadcrumb","itemListElement":[{"@type":"ListItem","position":1,"name":"Hem","item":"https:\/\/aktivitetshuset.vidsel.se\/"},{"@type":"ListItem","position":2,"name":"Konferensen"}]}]}},"_links":{"self":[{"href":"https:\/\/aktivitetshuset.vidsel.se\/index.php\/wp-json\/wp\/v2\/pages\/1887","targetHints":{"allow":["GET"]}}],"collection":[{"href":"https:\/\/aktivitetshuset.vidsel.se\/index.php\/wp-json\/wp\/v2\/pages"}],"about":[{"href":"https:\/\/aktivitetshuset.vidsel.se\/index.php\/wp-json\/wp\/v2\/types\/page"}],"author":[{"embeddable":true,"href":"https:\/\/aktivitetshuset.vidsel.se\/index.php\/wp-json\/wp\/v2\/users\/4"}],"replies":[{"embeddable":true,"href":"https:\/\/aktivitetshuset.vidsel.se\/index.php\/wp-json\/wp\/v2\/comments?post=1887"}],"version-history":[{"count":16,"href":"https:\/\/aktivitetshuset.vidsel.se\/index.php\/wp-json\/wp\/v2\/pages\/1887\/revisions"}],"predecessor-version":[{"id":2110,"href":"https:\/\/aktivitetshuset.vidsel.se\/index.php\/wp-json\/wp\/v2\/pages\/1887\/revisions\/2110"}],"wp:attachment":[{"href":"https:\/\/aktivitetshuset.vidsel.se\/index.php\/wp-json\/wp\/v2\/media?parent=1887"}],"curies":[{"name":"wp","href":"https:\/\/api.w.org\/{rel}","templated":true}]}}