{"id":157,"date":"2021-06-08T09:12:21","date_gmt":"2021-06-08T07:12:21","guid":{"rendered":"https:\/\/aktivitetshuset.vidsel.se\/?page_id=157"},"modified":"2024-12-22T22:58:59","modified_gmt":"2024-12-22T21:58:59","slug":"om-oss","status":"publish","type":"page","link":"https:\/\/aktivitetshuset.vidsel.se\/index.php\/om-oss\/","title":{"rendered":"Om oss"},"content":{"rendered":"\t\t<div data-elementor-type=\"wp-page\" data-elementor-id=\"157\" class=\"elementor elementor-157\" data-elementor-settings=\"[]\">\n\t\t\t\t\t\t\t<div class=\"elementor-section-wrap\">\n\t\t\t\t\t\t\t<section class=\"elementor-section elementor-top-section elementor-element elementor-element-efac5c4 elementor-section-boxed elementor-section-height-default elementor-section-height-default\" data-id=\"efac5c4\" data-element_type=\"section\">\n\t\t\t\t\t\t<div class=\"elementor-container elementor-column-gap-default\">\n\t\t\t\t\t<div class=\"elementor-column elementor-col-100 elementor-top-column elementor-element elementor-element-6463ca3\" data-id=\"6463ca3\" data-element_type=\"column\">\n\t\t\t<div class=\"elementor-widget-wrap elementor-element-populated\">\n\t\t\t\t\t\t\t\t<div class=\"elementor-element elementor-element-c3064a9 elementor-widget elementor-widget-heading\" data-id=\"c3064a9\" data-element_type=\"widget\" data-widget_type=\"heading.default\">\n\t\t\t\t<div class=\"elementor-widget-container\">\n\t\t\t<h2 class=\"elementor-heading-title elementor-size-default\">Om oss<\/h2>\t\t<\/div>\n\t\t\t\t<\/div>\n\t\t\t\t\t<\/div>\n\t\t<\/div>\n\t\t\t\t\t\t\t<\/div>\n\t\t<\/section>\n\t\t\t\t<section class=\"elementor-section elementor-top-section elementor-element elementor-element-1829a2a elementor-section-boxed elementor-section-height-default elementor-section-height-default\" data-id=\"1829a2a\" data-element_type=\"section\">\n\t\t\t\t\t\t<div class=\"elementor-container elementor-column-gap-default\">\n\t\t\t\t\t<div class=\"elementor-column elementor-col-100 elementor-top-column elementor-element elementor-element-b865a60\" data-id=\"b865a60\" data-element_type=\"column\">\n\t\t\t<div class=\"elementor-widget-wrap elementor-element-populated\">\n\t\t\t\t\t\t\t\t<section class=\"elementor-section elementor-inner-section elementor-element elementor-element-0de4b55 elementor-section-boxed elementor-section-height-default elementor-section-height-default\" data-id=\"0de4b55\" data-element_type=\"section\">\n\t\t\t\t\t\t<div class=\"elementor-container elementor-column-gap-default\">\n\t\t\t\t\t<div class=\"elementor-column elementor-col-100 elementor-inner-column elementor-element elementor-element-d31b5ec\" data-id=\"d31b5ec\" data-element_type=\"column\">\n\t\t\t<div class=\"elementor-widget-wrap elementor-element-populated\">\n\t\t\t\t\t\t\t\t<div class=\"elementor-element elementor-element-09ba8ef elementor-widget elementor-widget-text-editor\" data-id=\"09ba8ef\" data-element_type=\"widget\" data-widget_type=\"text-editor.default\">\n\t\t\t\t<div class=\"elementor-widget-container\">\n\t\t\t\t\t\t\t<p><span style=\"color: #000000;\">F\u00f6reningens verksamhet \u00e4r att \u00e4ga, driva och f\u00f6rvalta fastigheten samt hyra ut lokaler till gagn f\u00f6r ortens innev\u00e5nare, f\u00f6reningar och f\u00f6retag.<\/span><\/p>\n<p><span style=\"color: #000000;\">Du n\u00e5r oss via mail: <a href=\"mailto:aktivitetshuset@vidsel.se\" target=\"_blank\" rel=\"noopener\">aktivitetshuset@vidsel.se<\/a><\/span><\/p>\n<p><span style=\"color: #000000;\">Bes\u00f6ksadress:<\/span><br><span style=\"color: #000000;\">Skolgr\u00e4nd 24<\/span><br><span style=\"color: #000000;\">Ing\u00e5ng mot sporthallen<\/span><\/p>\n<p><strong><span style=\"color: #000000;\">Styrelsen<\/span><\/strong><\/p>\n<p><span style=\"color: #000000;\"><em>Ordf\u00f6rande, styrelseledamot<br><\/em><\/span><span style=\"color: #000000; font-size: 16px;\">Jerry Lindblom<\/span><\/p>\n<p><span style=\"color: #000000;\"><em>Styrelseledamot<br><\/em><\/span><span style=\"color: #000000; font-size: 16px;\">B\u00f6rje Andersson<br><\/span><span style=\"color: #000000; font-size: 16px;\">Evelina Rohdin<br><\/span><span style=\"color: #000000; font-size: 16px;\">Harry Granlund<br><\/span><span style=\"color: #000000; font-size: 16px;\">Sofie Ohlson<\/span><\/p>\t\t\t\t\t\t<\/div>\n\t\t\t\t<\/div>\n\t\t\t\t\t<\/div>\n\t\t<\/div>\n\t\t\t\t\t\t\t<\/div>\n\t\t<\/section>\n\t\t\t\t\t<\/div>\n\t\t<\/div>\n\t\t\t\t\t\t\t<\/div>\n\t\t<\/section>\n\t\t\t\t<section class=\"elementor-section elementor-top-section elementor-element elementor-element-112d052 elementor-section-boxed elementor-section-height-default elementor-section-height-default\" data-id=\"112d052\" data-element_type=\"section\">\n\t\t\t\t\t\t<div class=\"elementor-container elementor-column-gap-default\">\n\t\t\t\t\t<div class=\"elementor-column elementor-col-100 elementor-top-column elementor-element elementor-element-3ca8f24\" data-id=\"3ca8f24\" data-element_type=\"column\">\n\t\t\t<div class=\"elementor-widget-wrap elementor-element-populated\">\n\t\t\t\t\t\t\t\t<div class=\"elementor-element elementor-element-07ba969 elementor-widget elementor-widget-text-editor\" data-id=\"07ba969\" data-element_type=\"widget\" data-widget_type=\"text-editor.default\">\n\t\t\t\t<div class=\"elementor-widget-container\">\n\t\t\t\t\t\t\t<p><span style=\"color: #000000;\"><b>Aktivitetshusets motorv\u00e4rmare:<br \/><\/b><\/span>Aktivitetshuset har 3 motorv\u00e4rmarplatser med ett\u00a0 uttag i respektive plats. Vi har s\u00e5ledes m\u00f6jlighet att hyra ut 3 uttag till lika m\u00e5nga bilar. Anledningen till tre platser \u00e4r att inte \u00f6verbelasta fastighetens huvuds\u00e4kringar.<\/p><p><strong>Policy:<\/strong><br \/>Aktivitetshuset har efterstr\u00e4vat att inte konkurrera eller favorisera uthyrning av motorv\u00e4rmarplatserna gentemot kommunens platser inom skolomr\u00e5det<\/p><p class=\"xxmsonormal\"><b>Regler:<\/b><br \/>\u00a01.<span style=\"font-size: 7.0pt; font-family: 'Times New Roman',serif;\">\u00a0\u00a0\u00a0\u00a0\u00a0\u00a0 <\/span>Motorv\u00e4rmarplatsen hyrs genom att kontakta Harry, p\u00e5 telefon 070-604 25 72.<\/p><p class=\"xxm-4189621139533131848msolistparagraph\">2.<span style=\"font-size: 7.0pt; font-family: 'Times New Roman',serif;\">\u00a0\u00a0\u00a0\u00a0\u00a0\u00a0 <\/span>Till varje motorv\u00e4rmarplats kvitteras ut\u00a0 en nyckel f\u00f6r motorv\u00e4rmarplatsen.\u00a0 \u00a0 \u00a0 \u00a0 \u00a0Nyckeln ska \u00e5terl\u00e4mnas vid upps\u00e4gning av motorv\u00e4rmarplats.<\/p><p class=\"xxm-4189621139533131848msolistparagraph\">3.<span style=\"font-size: 7.0pt; font-family: 'Times New Roman',serif;\">\u00a0\u00a0\u00a0\u00a0\u00a0\u00a0 <\/span>Locket till motorv\u00e4rmarplatsen skall alltid vara l\u00e5st, utom vid in- eller urkoppling av motorv\u00e4rmare.<\/p><p class=\"xxm-4189621139533131848msolistparagraph\">4.\u00a0 \u00a0Avgiften faktureras och ska betalas i f\u00f6rskott innan varje p\u00e5b\u00f6rjad period.<\/p><p class=\"xxm-4189621139533131848msolistparagraph\">5.\u00a0 \u00a0Hyrd motorv\u00e4rmarplats, fast pris f\u00f6r ett \u00e5r (1 okt-30 sep) 1750 kr\/\u00e5r f\u00f6r personal som arbetar eller vistas i Aktivitetshuset eller inom skolomr\u00e5det. Motorv\u00e4rmarplats som hyrs \u00e5rsvis ska s\u00e4gas upp senast den 30 juni. I annat fall f\u00f6rl\u00e4ngs kontraktet ytterligare ett \u00e5r.<\/p><p class=\"xxmsonormal\">6. \u00a0\u00a0Motorv\u00e4rmarplats, 500 kr\/m\u00e5nad, g\u00e4ller endast i den m\u00e5n s\u00e5dan finns ledig f\u00f6r uthyrning och f\u00e5r inte hyras av tillsvidareanst\u00e4llda i Aktivitetshuset eller skolomr\u00e5det.<\/p><p class=\"xxmsonormal\">7. \u00a0\u00a0Hyrd motorv\u00e4rmarplats \u00e4r inte gjord f\u00f6r laddning av elfordon. Maximal belastning \u00e4r cirka 1400 W\/uttag.<\/p><p class=\"xxmsonormal\">8. \u00a0\u00a0Avgiften f\u00f6r hyrda motorv\u00e4rmarplatser indexregleras med h\u00e4nsyn till konsumentprisindex och eltaxa f\u00f6r oktober m\u00e5nad. Beloppet avrundas upp\u00e5t till n\u00e4rmaste hela tiotal kronor.<\/p><p class=\"xxmsonormal\">F\u00f6r motorv\u00e4rmarplatsen som varit i bruk kommer vi att fakturera 1750:-, samma taxa som kommunen, som g\u00e4ller f\u00f6r inkoppling till 30 september.<\/p>\t\t\t\t\t\t<\/div>\n\t\t\t\t<\/div>\n\t\t\t\t<div class=\"elementor-element elementor-element-257f356 elementor-widget elementor-widget-text-editor\" data-id=\"257f356\" data-element_type=\"widget\" data-widget_type=\"text-editor.default\">\n\t\t\t\t<div class=\"elementor-widget-container\">\n\t\t\t\t\t\t\t\t\t\t\t\t\t<\/div>\n\t\t\t\t<\/div>\n\t\t\t\t\t<\/div>\n\t\t<\/div>\n\t\t\t\t\t\t\t<\/div>\n\t\t<\/section>\n\t\t\t\t\t\t<\/div>\n\t\t\t\t\t<\/div>\n\t\t","protected":false},"excerpt":{"rendered":"<p>Om oss F\u00f6reningens verksamhet \u00e4r att \u00e4ga, driva och f\u00f6rvalta fastigheten samt hyra ut lokaler till gagn f\u00f6r ortens innev\u00e5nare, f\u00f6reningar och f\u00f6retag. Du n\u00e5r oss via mail: aktivitetshuset@vidsel.se Bes\u00f6ksadress:Skolgr\u00e4nd 24Ing\u00e5ng mot sporthallen Styrelsen Ordf\u00f6rande, styrelseledamotJerry Lindblom StyrelseledamotB\u00f6rje AnderssonEvelina RohdinHarry<\/p>\n","protected":false},"author":3,"featured_media":0,"parent":0,"menu_order":0,"comment_status":"closed","ping_status":"closed","template":"","meta":{"footnotes":""},"class_list":["post-157","page","type-page","status-publish","hentry"],"yoast_head":"<!-- This site is optimized with the Yoast SEO plugin v18.1 - https:\/\/yoast.com\/wordpress\/plugins\/seo\/ -->\r\n<title>Om oss -<\/title>\r\n<meta name=\"robots\" content=\"index, follow, max-snippet:-1, max-image-preview:large, max-video-preview:-1\" \/>\r\n<link rel=\"canonical\" href=\"https:\/\/aktivitetshuset.vidsel.se\/index.php\/om-oss\/\" \/>\r\n<meta property=\"og:locale\" content=\"sv_SE\" \/>\r\n<meta property=\"og:type\" content=\"article\" \/>\r\n<meta property=\"og:title\" content=\"Om oss -\" \/>\r\n<meta property=\"og:description\" content=\"Om oss F\u00f6reningens verksamhet \u00e4r att \u00e4ga, driva och f\u00f6rvalta fastigheten samt hyra ut lokaler till gagn f\u00f6r ortens innev\u00e5nare, f\u00f6reningar och f\u00f6retag. Du n\u00e5r oss via mail: aktivitetshuset@vidsel.se Bes\u00f6ksadress:Skolgr\u00e4nd 24Ing\u00e5ng mot sporthallen Styrelsen Ordf\u00f6rande, styrelseledamotJerry Lindblom StyrelseledamotB\u00f6rje AnderssonEvelina RohdinHarry\" \/>\r\n<meta property=\"og:url\" content=\"https:\/\/aktivitetshuset.vidsel.se\/index.php\/om-oss\/\" \/>\r\n<meta property=\"article:modified_time\" content=\"2024-12-22T21:58:59+00:00\" \/>\r\n<meta name=\"twitter:card\" content=\"summary_large_image\" \/>\r\n<meta name=\"twitter:label1\" content=\"Ber\u00e4knad l\u00e4stid\" \/>\n\t<meta name=\"twitter:data1\" content=\"1 minut\" \/>\r\n<script type=\"application\/ld+json\" class=\"yoast-schema-graph\">{\"@context\":\"https:\/\/schema.org\",\"@graph\":[{\"@type\":\"Organization\",\"@id\":\"https:\/\/aktivitetshuset.vidsel.se\/#organization\",\"name\":\"Vidsels Aktivitetshus Ekonomisk F\u00f6rening\",\"url\":\"https:\/\/aktivitetshuset.vidsel.se\/\",\"sameAs\":[],\"logo\":{\"@type\":\"ImageObject\",\"@id\":\"https:\/\/aktivitetshuset.vidsel.se\/#logo\",\"inLanguage\":\"sv-SE\",\"url\":\"https:\/\/aktivitetshuset.vidsel.se\/wp-content\/uploads\/2021\/06\/Logga2.png\",\"contentUrl\":\"https:\/\/aktivitetshuset.vidsel.se\/wp-content\/uploads\/2021\/06\/Logga2.png\",\"width\":1084,\"height\":439,\"caption\":\"Vidsels Aktivitetshus Ekonomisk F\u00f6rening\"},\"image\":{\"@id\":\"https:\/\/aktivitetshuset.vidsel.se\/#logo\"}},{\"@type\":\"WebSite\",\"@id\":\"https:\/\/aktivitetshuset.vidsel.se\/#website\",\"url\":\"https:\/\/aktivitetshuset.vidsel.se\/\",\"name\":\"Vidsels Aktivitetshus\",\"description\":\"\",\"publisher\":{\"@id\":\"https:\/\/aktivitetshuset.vidsel.se\/#organization\"},\"potentialAction\":[{\"@type\":\"SearchAction\",\"target\":{\"@type\":\"EntryPoint\",\"urlTemplate\":\"https:\/\/aktivitetshuset.vidsel.se\/?s={search_term_string}\"},\"query-input\":\"required name=search_term_string\"}],\"inLanguage\":\"sv-SE\"},{\"@type\":\"WebPage\",\"@id\":\"https:\/\/aktivitetshuset.vidsel.se\/index.php\/om-oss\/#webpage\",\"url\":\"https:\/\/aktivitetshuset.vidsel.se\/index.php\/om-oss\/\",\"name\":\"Om oss -\",\"isPartOf\":{\"@id\":\"https:\/\/aktivitetshuset.vidsel.se\/#website\"},\"datePublished\":\"2021-06-08T07:12:21+00:00\",\"dateModified\":\"2024-12-22T21:58:59+00:00\",\"breadcrumb\":{\"@id\":\"https:\/\/aktivitetshuset.vidsel.se\/index.php\/om-oss\/#breadcrumb\"},\"inLanguage\":\"sv-SE\",\"potentialAction\":[{\"@type\":\"ReadAction\",\"target\":[\"https:\/\/aktivitetshuset.vidsel.se\/index.php\/om-oss\/\"]}]},{\"@type\":\"BreadcrumbList\",\"@id\":\"https:\/\/aktivitetshuset.vidsel.se\/index.php\/om-oss\/#breadcrumb\",\"itemListElement\":[{\"@type\":\"ListItem\",\"position\":1,\"name\":\"Hem\",\"item\":\"https:\/\/aktivitetshuset.vidsel.se\/\"},{\"@type\":\"ListItem\",\"position\":2,\"name\":\"Om oss\"}]}]}<\/script>\r\n<!-- \/ Yoast SEO plugin. -->","yoast_head_json":{"title":"Om oss -","robots":{"index":"index","follow":"follow","max-snippet":"max-snippet:-1","max-image-preview":"max-image-preview:large","max-video-preview":"max-video-preview:-1"},"canonical":"https:\/\/aktivitetshuset.vidsel.se\/index.php\/om-oss\/","og_locale":"sv_SE","og_type":"article","og_title":"Om oss -","og_description":"Om oss F\u00f6reningens verksamhet \u00e4r att \u00e4ga, driva och f\u00f6rvalta fastigheten samt hyra ut lokaler till gagn f\u00f6r ortens innev\u00e5nare, f\u00f6reningar och f\u00f6retag. Du n\u00e5r oss via mail: aktivitetshuset@vidsel.se Bes\u00f6ksadress:Skolgr\u00e4nd 24Ing\u00e5ng mot sporthallen Styrelsen Ordf\u00f6rande, styrelseledamotJerry Lindblom StyrelseledamotB\u00f6rje AnderssonEvelina RohdinHarry","og_url":"https:\/\/aktivitetshuset.vidsel.se\/index.php\/om-oss\/","article_modified_time":"2024-12-22T21:58:59+00:00","twitter_card":"summary_large_image","twitter_misc":{"Ber\u00e4knad l\u00e4stid":"1 minut"},"schema":{"@context":"https:\/\/schema.org","@graph":[{"@type":"Organization","@id":"https:\/\/aktivitetshuset.vidsel.se\/#organization","name":"Vidsels Aktivitetshus Ekonomisk F\u00f6rening","url":"https:\/\/aktivitetshuset.vidsel.se\/","sameAs":[],"logo":{"@type":"ImageObject","@id":"https:\/\/aktivitetshuset.vidsel.se\/#logo","inLanguage":"sv-SE","url":"https:\/\/aktivitetshuset.vidsel.se\/wp-content\/uploads\/2021\/06\/Logga2.png","contentUrl":"https:\/\/aktivitetshuset.vidsel.se\/wp-content\/uploads\/2021\/06\/Logga2.png","width":1084,"height":439,"caption":"Vidsels Aktivitetshus Ekonomisk F\u00f6rening"},"image":{"@id":"https:\/\/aktivitetshuset.vidsel.se\/#logo"}},{"@type":"WebSite","@id":"https:\/\/aktivitetshuset.vidsel.se\/#website","url":"https:\/\/aktivitetshuset.vidsel.se\/","name":"Vidsels Aktivitetshus","description":"","publisher":{"@id":"https:\/\/aktivitetshuset.vidsel.se\/#organization"},"potentialAction":[{"@type":"SearchAction","target":{"@type":"EntryPoint","urlTemplate":"https:\/\/aktivitetshuset.vidsel.se\/?s={search_term_string}"},"query-input":"required name=search_term_string"}],"inLanguage":"sv-SE"},{"@type":"WebPage","@id":"https:\/\/aktivitetshuset.vidsel.se\/index.php\/om-oss\/#webpage","url":"https:\/\/aktivitetshuset.vidsel.se\/index.php\/om-oss\/","name":"Om oss -","isPartOf":{"@id":"https:\/\/aktivitetshuset.vidsel.se\/#website"},"datePublished":"2021-06-08T07:12:21+00:00","dateModified":"2024-12-22T21:58:59+00:00","breadcrumb":{"@id":"https:\/\/aktivitetshuset.vidsel.se\/index.php\/om-oss\/#breadcrumb"},"inLanguage":"sv-SE","potentialAction":[{"@type":"ReadAction","target":["https:\/\/aktivitetshuset.vidsel.se\/index.php\/om-oss\/"]}]},{"@type":"BreadcrumbList","@id":"https:\/\/aktivitetshuset.vidsel.se\/index.php\/om-oss\/#breadcrumb","itemListElement":[{"@type":"ListItem","position":1,"name":"Hem","item":"https:\/\/aktivitetshuset.vidsel.se\/"},{"@type":"ListItem","position":2,"name":"Om oss"}]}]}},"_links":{"self":[{"href":"https:\/\/aktivitetshuset.vidsel.se\/index.php\/wp-json\/wp\/v2\/pages\/157","targetHints":{"allow":["GET"]}}],"collection":[{"href":"https:\/\/aktivitetshuset.vidsel.se\/index.php\/wp-json\/wp\/v2\/pages"}],"about":[{"href":"https:\/\/aktivitetshuset.vidsel.se\/index.php\/wp-json\/wp\/v2\/types\/page"}],"author":[{"embeddable":true,"href":"https:\/\/aktivitetshuset.vidsel.se\/index.php\/wp-json\/wp\/v2\/users\/3"}],"replies":[{"embeddable":true,"href":"https:\/\/aktivitetshuset.vidsel.se\/index.php\/wp-json\/wp\/v2\/comments?post=157"}],"version-history":[{"count":26,"href":"https:\/\/aktivitetshuset.vidsel.se\/index.php\/wp-json\/wp\/v2\/pages\/157\/revisions"}],"predecessor-version":[{"id":2076,"href":"https:\/\/aktivitetshuset.vidsel.se\/index.php\/wp-json\/wp\/v2\/pages\/157\/revisions\/2076"}],"wp:attachment":[{"href":"https:\/\/aktivitetshuset.vidsel.se\/index.php\/wp-json\/wp\/v2\/media?parent=157"}],"curies":[{"name":"wp","href":"https:\/\/api.w.org\/{rel}","templated":true}]}}